{"id":1995,"date":"2023-11-14T14:11:19","date_gmt":"2023-11-14T13:11:19","guid":{"rendered":"https:\/\/gite-de-charme-riquewihr.fr\/liste-der-zimmer\/"},"modified":"2023-11-27T11:37:58","modified_gmt":"2023-11-27T10:37:58","slug":"liste-der-zimmer","status":"publish","type":"page","link":"https:\/\/gite-de-charme-riquewihr.fr\/de\/liste-der-zimmer\/","title":{"rendered":"Liste der Zimmer"},"content":{"rendered":"\n<div class=\"wrap plugin-container\">\n\n\t\n\t\n\t<div class=\"vblistcontainer vblistcontainer-grid\">\n<ul class=\"vblist\">\n\t<li class=\"room_result\">\n\t\t<div class=\"room_result-inner\">\n\t\t\t<div class=\"vblistroomblock\">\n\t\t\t\t\t\t\t<div class=\"vbimglistdiv\">\n\t\t\t\t\t<a class=\"vbo-roomslist-imglink\" href=\"https:\/\/gite-de-charme-riquewihr.fr\/de\/lhorizon-buchen\/\">\n\t\t\t\t\t\t<img decoding=\"async\" src=\"https:\/\/gite-de-charme-riquewihr.fr\/wp-content\/plugins\/vikbooking\/site\/resources\/uploads\/horizon2.jpeg\" alt=\"L&#039; Horizon\" class=\"vblistimg\"\/>\n\t\t\t\t\t<\/a>\n\t\t\t\t\t\t\t\t<\/div>\n\t\t\t\t\t\t\t<div class=\"vbo-info-room\">\n\t\t\t\t\t<div class=\"vbdescrlistdiv\">\n\t\t\t\t\t\t<h4 class=\"vbrowcname\">\n\t\t\t\t\t\t\t<a href=\"https:\/\/gite-de-charme-riquewihr.fr\/de\/lhorizon-buchen\/\">L' Horizon<\/a>\n\t\t\t\t\t\t<\/h4>\n\t\t\t\t\t\t<span class=\"vblistroomcat\"><\/span>\n\t\t\t\t\t\t<div class=\"vbrowcdescr\">Diese 85 m2 gro\u00dfe, klimatisierte Wohnung befindet sich im 2. Stock und genie\u00dft einen Panoramablick. 2 ger\u00e4umige Schlafzimmer, ein 45 m2 gro\u00dfer Raum unter dem Dach mit einer modern ausgestatteten K\u00fcche, einem Essbereich und ein mit Naturholz dekorierten Salon, ein modernes Badezimmer mit separatem WC...\r\n<\/div>\n\t\t\t\t\t<\/div>\n\t\t\t\t\t\t\t\t<\/div>\n\t\t\t<\/div>\n\n\t\t\t<div class=\"vbcontdivtot\">\n\t\t\t\t<div class=\"vbdivtot\">\n\t\t\t\t\t<div class=\"vbdivtotinline\">\n\t\t\t\t\t\t<div class=\"vbsrowprice\">\n\t\t\t\t\t\t\t<div class=\"vbrowroomcapacity\">\n\t\t\t\t\t\t\t<i class=\"fas fa-male vbo-pref-color-text\"><\/i><i class=\"fas fa-male vbo-pref-color-text\"><\/i><i class=\"fas fa-male vbo-pref-color-text\"><\/i><i class=\"fas fa-male vbo-pref-color-text\"><\/i>\t\t\t\t\t\t\t<\/div>\n\t\t\t\t\t\t\t\t\t\t<div class=\"vbsrowpricediv\">\n\t\t\t\t\t\t\t\t<span class=\"room_cost\"><span class=\"vbo_currency\">\u20ac<\/span> <span class=\"vbo_price\">155<\/span><\/span>\n\t\t\t\t\t\t\t\t<span class=\"vbliststartfrom\">pro Nacht<\/span>\n\t\t\t\t\t\t\t\t\t\t\t\t\t\t\t<\/div>\n\t\t\t\t\t\t\n\t\t\t\t\t\t<\/div>\n\t\t\t\t\t\t<div class=\"vbselectordiv\">\n\t\t\t\t\t\t\t<div class=\"vbselectr\">\n\t\t\t\t\t\t\t\t<a class=\"btn vbo-pref-color-btn\" href=\"https:\/\/gite-de-charme-riquewihr.fr\/de\/lhorizon-buchen\/\">Details<\/a>\n\t\t\t\t\t\t\t<\/div>\n\t\t\t\t\t\t<\/div>\t\t\t\n\t\t\t\t\t<\/div>\n\t\t\t\t<\/div>\n\t\t\t<\/div>\n\t\t<\/div>\n\t<\/li>\n\t\t<li class=\"room_result\">\n\t\t<div class=\"room_result-inner\">\n\t\t\t<div class=\"vblistroomblock\">\n\t\t\t\t\t\t\t<div class=\"vbimglistdiv\">\n\t\t\t\t\t<a class=\"vbo-roomslist-imglink\" href=\"https:\/\/gite-de-charme-riquewihr.fr\/de\/les-remparts-buchen\/\">\n\t\t\t\t\t\t<img decoding=\"async\" src=\"https:\/\/gite-de-charme-riquewihr.fr\/wp-content\/plugins\/vikbooking\/site\/resources\/uploads\/remparts_8.jpeg\" alt=\"Les Remparts\" class=\"vblistimg\"\/>\n\t\t\t\t\t<\/a>\n\t\t\t\t\t\t\t\t<\/div>\n\t\t\t\t\t\t\t<div class=\"vbo-info-room\">\n\t\t\t\t\t<div class=\"vbdescrlistdiv\">\n\t\t\t\t\t\t<h4 class=\"vbrowcname\">\n\t\t\t\t\t\t\t<a href=\"https:\/\/gite-de-charme-riquewihr.fr\/de\/les-remparts-buchen\/\">Les Remparts<\/a>\n\t\t\t\t\t\t<\/h4>\n\t\t\t\t\t\t<span class=\"vblistroomcat\"><\/span>\n\t\t\t\t\t\t<div class=\"vbrowcdescr\">Diese 95 m2 gro\u00dfe Wohnung befindet sich im Erdgeschoss. Sie verf\u00fcgt \u00fcber eine 14 m2 gro\u00dfe Terrasse mit direktem Zugang zum Entspannungsbereich. 2 ger\u00e4umige Schlafzimmer, ein modernes Badezimmer mit separatem WC, eine modern ausgestattete K\u00fcche, ein 30 m2 gro\u00dfes Wohnzimmer, das antike M\u00f6bel mit modernem Komfort verbindet...\r\n<\/div>\n\t\t\t\t\t<\/div>\n\t\t\t\t\t\t\t\t<\/div>\n\t\t\t<\/div>\n\n\t\t\t<div class=\"vbcontdivtot\">\n\t\t\t\t<div class=\"vbdivtot\">\n\t\t\t\t\t<div class=\"vbdivtotinline\">\n\t\t\t\t\t\t<div class=\"vbsrowprice\">\n\t\t\t\t\t\t\t<div class=\"vbrowroomcapacity\">\n\t\t\t\t\t\t\t<i class=\"fas fa-male vbo-pref-color-text\"><\/i><i class=\"fas fa-male vbo-pref-color-text\"><\/i><i class=\"fas fa-male vbo-pref-color-text\"><\/i><i class=\"fas fa-male vbo-pref-color-text\"><\/i>\t\t\t\t\t\t\t<\/div>\n\t\t\t\t\t\t\t\t\t\t<div class=\"vbsrowpricediv\">\n\t\t\t\t\t\t\t\t<span class=\"room_cost\"><span class=\"vbo_currency\">\u20ac<\/span> <span class=\"vbo_price\">195<\/span><\/span>\n\t\t\t\t\t\t\t\t<span class=\"vbliststartfrom\">pro Nacht<\/span>\n\t\t\t\t\t\t\t\t\t\t\t\t\t\t\t<\/div>\n\t\t\t\t\t\t\n\t\t\t\t\t\t<\/div>\n\t\t\t\t\t\t<div class=\"vbselectordiv\">\n\t\t\t\t\t\t\t<div class=\"vbselectr\">\n\t\t\t\t\t\t\t\t<a class=\"btn vbo-pref-color-btn\" href=\"https:\/\/gite-de-charme-riquewihr.fr\/de\/les-remparts-buchen\/\">Details<\/a>\n\t\t\t\t\t\t\t<\/div>\n\t\t\t\t\t\t<\/div>\t\t\t\n\t\t\t\t\t<\/div>\n\t\t\t\t<\/div>\n\t\t\t<\/div>\n\t\t<\/div>\n\t<\/li>\n\t<\/ul>\n<\/div>\n\n\n<\/div>\n\n","protected":false},"excerpt":{"rendered":"","protected":false},"author":3,"featured_media":0,"parent":0,"menu_order":47,"comment_status":"closed","ping_status":"closed","template":"","meta":{"_seopress_robots_primary_cat":"","_seopress_titles_title":"","_seopress_titles_desc":"","_seopress_robots_index":"","_et_pb_use_builder":"","_et_pb_old_content":"","_et_gb_content_width":"","footnotes":""},"class_list":["post-1995","page","type-page","status-publish","hentry"],"_links":{"self":[{"href":"https:\/\/gite-de-charme-riquewihr.fr\/de\/wp-json\/wp\/v2\/pages\/1995","targetHints":{"allow":["GET"]}}],"collection":[{"href":"https:\/\/gite-de-charme-riquewihr.fr\/de\/wp-json\/wp\/v2\/pages"}],"about":[{"href":"https:\/\/gite-de-charme-riquewihr.fr\/de\/wp-json\/wp\/v2\/types\/page"}],"author":[{"embeddable":true,"href":"https:\/\/gite-de-charme-riquewihr.fr\/de\/wp-json\/wp\/v2\/users\/3"}],"replies":[{"embeddable":true,"href":"https:\/\/gite-de-charme-riquewihr.fr\/de\/wp-json\/wp\/v2\/comments?post=1995"}],"version-history":[{"count":2,"href":"https:\/\/gite-de-charme-riquewihr.fr\/de\/wp-json\/wp\/v2\/pages\/1995\/revisions"}],"predecessor-version":[{"id":2056,"href":"https:\/\/gite-de-charme-riquewihr.fr\/de\/wp-json\/wp\/v2\/pages\/1995\/revisions\/2056"}],"wp:attachment":[{"href":"https:\/\/gite-de-charme-riquewihr.fr\/de\/wp-json\/wp\/v2\/media?parent=1995"}],"curies":[{"name":"wp","href":"https:\/\/api.w.org\/{rel}","templated":true}]}}